{"id":512,"date":"2020-02-20T22:34:20","date_gmt":"2020-02-20T22:34:20","guid":{"rendered":"https:\/\/ardennenrennen.be\/?page_id=512"},"modified":"2020-02-21T12:48:19","modified_gmt":"2020-02-21T12:48:19","slug":"le-code-vestimentaire","status":"publish","type":"page","link":"https:\/\/ardennenrennen.be\/fr\/le-code-vestimentaire\/","title":{"rendered":"Le code vestimentaire"},"content":{"rendered":"<p><div class=\"fusion-fullwidth fullwidth-box fusion-builder-row-1 hundred-percent-fullwidth non-hundred-percent-height-scrolling\" style=\"--awb-border-radius-top-left:0px;--awb-border-radius-top-right:0px;--awb-border-radius-bottom-right:0px;--awb-border-radius-bottom-left:0px;--awb-padding-right:0px;--awb-padding-left:0px;--awb-flex-wrap:wrap;\" ><div class=\"fusion-builder-row fusion-row\"><div class=\"fusion-layout-column fusion_builder_column fusion-builder-column-0 fusion_builder_column_1_1 1_1 fusion-one-full fusion-column-first fusion-column-last\" style=\"--awb-padding-top:20px;--awb-padding-right:0px;--awb-padding-left:0px;--awb-bg-size:cover;--awb-border-color:#b2966a;--awb-border-top:2px;--awb-border-style:solid;\"><div class=\"fusion-column-wrapper fusion-column-has-shadow fusion-flex-column-wrapper-legacy\"><div class=\"fusion-clearfix\"><\/div><\/div><\/div><\/div><\/div><div class=\"fusion-fullwidth fullwidth-box fusion-builder-row-2 nonhundred-percent-fullwidth non-hundred-percent-height-scrolling\" style=\"--awb-border-radius-top-left:0px;--awb-border-radius-top-right:0px;--awb-border-radius-bottom-right:0px;--awb-border-radius-bottom-left:0px;--awb-padding-top:0px;--awb-margin-top:0px;--awb-flex-wrap:wrap;\" ><div class=\"fusion-builder-row fusion-row\"><div class=\"fusion-layout-column fusion_builder_column fusion-builder-column-1 fusion_builder_column_1_1 1_1 fusion-one-full fusion-column-first fusion-column-last\" style=\"--awb-bg-position:center bottom;--awb-bg-size:cover;\"><div class=\"fusion-column-wrapper fusion-column-has-shadow fusion-flex-column-wrapper-legacy\"><div class=\"fusion-text fusion-text-1\"><h2><strong>L\u2019Ardennen Rennen: Le code vestimentaire<\/strong><\/h2>\n<\/div><div class=\"fusion-sep-clear\"><\/div><div class=\"fusion-separator fusion-full-width-sep\" style=\"margin-left: auto;margin-right: auto;width:100%;\"><\/div><div class=\"fusion-sep-clear\"><\/div><div class=\"fusion-text fusion-text-2\"><p>Nos voitures sont pr\u00eates, les moteurs sont r\u00e9gl\u00e9s, les \u00e9chappements sonnent bien, les pneus sont gonfl\u00e9s et le volants \u00ab course \u00bb a trouv\u00e9 son chemin vers votre voiture typ\u00e9e rallye\u2026 Il est donc grand temps de penser \u00e0 votre choix vestimentaire !<br \/>\nPendant le week-end, vous rencontrerez et saluerez des personnes aux aspirations similaires aux v\u00f4tres. Nous aimons tout ce qui est chic et vintage, tout comme vous. Nous vous recommandons donc vivement de vous habiller en fonction de votre voiture. Cela rend l&#8217;exp\u00e9rience Ardennen Rennen compl\u00e8te, et quel plaisir de correspondre avec votre oldtimer !<\/p>\n<\/div><div class=\"fusion-sep-clear\"><\/div><div class=\"fusion-separator fusion-full-width-sep\" style=\"margin-left: auto;margin-right: auto;width:100%;\"><\/div><div class=\"fusion-sep-clear\"><\/div><div class=\"fusion-text fusion-text-3\"><h2>POUR LES HOMMES<\/h2>\n<h2>The Gentlemen Racer<\/h2>\n<p>Le \u00ab Gentleman Racer \u00bb est un homme chic, portant un pantalon \u00e0 pinces et une chemise joliment repass\u00e9e, de pr\u00e9f\u00e9rence avec un n\u0153ud papillon, de jolis boutons de manchette et des bretelles. Il peut toujours choisir entre une veste \u00e9l\u00e9gante ou un blouson cool. Une moustache peut aussi s&#8217;afficher sous son nez.<\/p>\n<\/div><div class=\"fusion-image-element in-legacy-container\" style=\"--awb-caption-title-font-family:var(--h2_typography-font-family);--awb-caption-title-font-weight:var(--h2_typography-font-weight);--awb-caption-title-font-style:var(--h2_typography-font-style);--awb-caption-title-size:var(--h2_typography-font-size);--awb-caption-title-transform:var(--h2_typography-text-transform);--awb-caption-title-line-height:var(--h2_typography-line-height);--awb-caption-title-letter-spacing:var(--h2_typography-letter-spacing);\"><span class=\" fusion-imageframe imageframe-none imageframe-1 hover-type-none\"><img decoding=\"async\" width=\"535\" height=\"407\" title=\"gentlemen-racer\" src=\"https:\/\/ardennenrennen.be\/wp-content\/uploads\/2019\/11\/gentlemen-racer.jpg\" alt class=\"img-responsive wp-image-453\" srcset=\"https:\/\/ardennenrennen.be\/wp-content\/uploads\/2019\/11\/gentlemen-racer-200x152.jpg 200w, https:\/\/ardennenrennen.be\/wp-content\/uploads\/2019\/11\/gentlemen-racer-400x304.jpg 400w, https:\/\/ardennenrennen.be\/wp-content\/uploads\/2019\/11\/gentlemen-racer.jpg 535w\" sizes=\"(max-width: 800px) 100vw, 535px\" \/><\/span><\/div><div class=\"fusion-sep-clear\"><\/div><div class=\"fusion-separator fusion-full-width-sep\" style=\"margin-left: auto;margin-right: auto;margin-top:25px;margin-bottom:25px;width:100%;\"><\/div><div class=\"fusion-sep-clear\"><\/div><div class=\"fusion-text fusion-text-4\"><h2>The Mechanic Racer<\/h2>\n<p>Le copilote peut aussi \u00eatre le m\u00e9canicien, portant une combinaison d&#8217;une seule pi\u00e8ce pour prot\u00e9ger ses v\u00eatements contre la salissure, avec des gants \u00e9l\u00e9gants pour prot\u00e9ger ses mains. Il porte une casquette et des lunettes de soleil. Quand il enl\u00e8ve sa combinaison, il sait \u00eatre chic pour l&#8217;occasion.<\/p>\n<\/div><div class=\"fusion-image-element in-legacy-container\" style=\"--awb-caption-title-font-family:var(--h2_typography-font-family);--awb-caption-title-font-weight:var(--h2_typography-font-weight);--awb-caption-title-font-style:var(--h2_typography-font-style);--awb-caption-title-size:var(--h2_typography-font-size);--awb-caption-title-transform:var(--h2_typography-text-transform);--awb-caption-title-line-height:var(--h2_typography-line-height);--awb-caption-title-letter-spacing:var(--h2_typography-letter-spacing);\"><span class=\" fusion-imageframe imageframe-none imageframe-2 hover-type-none\"><img decoding=\"async\" width=\"1007\" height=\"1505\" title=\"mechanic\" src=\"https:\/\/ardennenrennen.be\/wp-content\/uploads\/2019\/11\/mechanic.png\" alt class=\"img-responsive wp-image-454\" srcset=\"https:\/\/ardennenrennen.be\/wp-content\/uploads\/2019\/11\/mechanic-200x299.png 200w, https:\/\/ardennenrennen.be\/wp-content\/uploads\/2019\/11\/mechanic-400x598.png 400w, https:\/\/ardennenrennen.be\/wp-content\/uploads\/2019\/11\/mechanic-600x897.png 600w, https:\/\/ardennenrennen.be\/wp-content\/uploads\/2019\/11\/mechanic-800x1196.png 800w, https:\/\/ardennenrennen.be\/wp-content\/uploads\/2019\/11\/mechanic.png 1007w\" sizes=\"(max-width: 800px) 100vw, 1007px\" \/><\/span><\/div><div class=\"fusion-sep-clear\"><\/div><div class=\"fusion-separator fusion-full-width-sep\" style=\"margin-left: auto;margin-right: auto;margin-top:25px;margin-bottom:25px;width:100%;\"><\/div><div class=\"fusion-sep-clear\"><\/div><div class=\"fusion-text fusion-text-5\"><h2>Le Mod Rocker<\/h2>\n<p>Les ann\u00e9es 50 \u00e9taient Rock and Roll, tout comme les Mod Rockers, v\u00eatus de v\u00eatements \u00e9l\u00e9gants et adapt\u00e9s aux imprim\u00e9s audacieux, aux couleurs vives ou en noir et blanc. Belles bottes, jeans retrouss\u00e9s, une banane l\u00e9g\u00e8re. Un bon hipster !<\/p>\n<\/div><div class=\"fusion-image-element in-legacy-container\" style=\"--awb-caption-title-font-family:var(--h2_typography-font-family);--awb-caption-title-font-weight:var(--h2_typography-font-weight);--awb-caption-title-font-style:var(--h2_typography-font-style);--awb-caption-title-size:var(--h2_typography-font-size);--awb-caption-title-transform:var(--h2_typography-text-transform);--awb-caption-title-line-height:var(--h2_typography-line-height);--awb-caption-title-letter-spacing:var(--h2_typography-letter-spacing);\"><span class=\" fusion-imageframe imageframe-none imageframe-3 hover-type-none\"><img decoding=\"async\" width=\"960\" height=\"778\" title=\"ROCABILLY ROCKER\" src=\"https:\/\/ardennenrennen.be\/wp-content\/uploads\/2019\/11\/ROCABILLY-ROCKER.jpg\" alt class=\"img-responsive wp-image-455\" srcset=\"https:\/\/ardennenrennen.be\/wp-content\/uploads\/2019\/11\/ROCABILLY-ROCKER-200x162.jpg 200w, https:\/\/ardennenrennen.be\/wp-content\/uploads\/2019\/11\/ROCABILLY-ROCKER-400x324.jpg 400w, https:\/\/ardennenrennen.be\/wp-content\/uploads\/2019\/11\/ROCABILLY-ROCKER-600x486.jpg 600w, https:\/\/ardennenrennen.be\/wp-content\/uploads\/2019\/11\/ROCABILLY-ROCKER-800x648.jpg 800w, https:\/\/ardennenrennen.be\/wp-content\/uploads\/2019\/11\/ROCABILLY-ROCKER.jpg 960w\" sizes=\"(max-width: 800px) 100vw, 960px\" \/><\/span><\/div><div class=\"fusion-sep-clear\"><\/div><div class=\"fusion-separator fusion-full-width-sep\" style=\"margin-left: auto;margin-right: auto;margin-top:25px;margin-bottom:25px;width:100%;\"><\/div><div class=\"fusion-sep-clear\"><\/div><div class=\"fusion-text fusion-text-6\"><h2>Pilot Racer<\/h2>\n<p>Le pilote Racer est un look parfait pour votre cabriolet. En conduisant sur les routes, il appr\u00e9ciera la chaleur et la laine doublant sa veste. Le casque et les lunettes en cuir prot\u00e9geront sa t\u00eate et ses yeux du vent dans sa voiture ancienne. Un bon gros cigare compl\u00e8te le personnage !<\/p>\n<\/div><div class=\"fusion-image-element in-legacy-container\" style=\"--awb-caption-title-font-family:var(--h2_typography-font-family);--awb-caption-title-font-weight:var(--h2_typography-font-weight);--awb-caption-title-font-style:var(--h2_typography-font-style);--awb-caption-title-size:var(--h2_typography-font-size);--awb-caption-title-transform:var(--h2_typography-text-transform);--awb-caption-title-line-height:var(--h2_typography-line-height);--awb-caption-title-letter-spacing:var(--h2_typography-letter-spacing);\"><span class=\" fusion-imageframe imageframe-none imageframe-4 hover-type-none\"><img decoding=\"async\" width=\"698\" height=\"462\" title=\"sheepskin bw\" src=\"https:\/\/ardennenrennen.be\/wp-content\/uploads\/2019\/11\/sheepskin-bw.jpg\" alt class=\"img-responsive wp-image-456\" srcset=\"https:\/\/ardennenrennen.be\/wp-content\/uploads\/2019\/11\/sheepskin-bw-200x132.jpg 200w, https:\/\/ardennenrennen.be\/wp-content\/uploads\/2019\/11\/sheepskin-bw-400x265.jpg 400w, https:\/\/ardennenrennen.be\/wp-content\/uploads\/2019\/11\/sheepskin-bw-600x397.jpg 600w, https:\/\/ardennenrennen.be\/wp-content\/uploads\/2019\/11\/sheepskin-bw.jpg 698w\" sizes=\"(max-width: 800px) 100vw, 698px\" \/><\/span><\/div><div class=\"fusion-sep-clear\"><\/div><div class=\"fusion-separator fusion-full-width-sep\" style=\"margin-left: auto;margin-right: auto;margin-top:25px;margin-bottom:25px;width:100%;\"><\/div><div class=\"fusion-sep-clear\"><\/div><div class=\"fusion-sep-clear\"><\/div><div class=\"fusion-separator fusion-full-width-sep\" style=\"margin-left: auto;margin-right: auto;width:100%;\"><\/div><div class=\"fusion-sep-clear\"><\/div><div class=\"fusion-text fusion-text-7\"><h2>POUR LES FILLES<\/h2>\n<h2>La Fille Chanel<\/h2>\n<p>Elle est d\u00e9finitivement le cerveau \u00e0 c\u00f4t\u00e9 du pilote. Toujours confiante et heureuse de porter une robe f\u00e9minine. A associer \u00e0 des accessoires bien choisis comme des gants, un sac \u00e0 main chic et une coupe de cheveux vintage absolument fabuleuse. Elle porte toujours du rouge \u00e0 l\u00e8vres rouge. C&#8217;est son plaisir de travailler le roadbook avec style.<\/p>\n<\/div><div class=\"fusion-image-element in-legacy-container\" style=\"--awb-caption-title-font-family:var(--h2_typography-font-family);--awb-caption-title-font-weight:var(--h2_typography-font-weight);--awb-caption-title-font-style:var(--h2_typography-font-style);--awb-caption-title-size:var(--h2_typography-font-size);--awb-caption-title-transform:var(--h2_typography-text-transform);--awb-caption-title-line-height:var(--h2_typography-line-height);--awb-caption-title-letter-spacing:var(--h2_typography-letter-spacing);\"><span class=\" fusion-imageframe imageframe-none imageframe-5 hover-type-none\"><img decoding=\"async\" width=\"1000\" height=\"1500\" title=\"THE CHANEL GIRL\" src=\"https:\/\/ardennenrennen.be\/wp-content\/uploads\/2019\/11\/THE-CHANEL-GIRL.jpg\" alt class=\"img-responsive wp-image-457\" srcset=\"https:\/\/ardennenrennen.be\/wp-content\/uploads\/2019\/11\/THE-CHANEL-GIRL-200x300.jpg 200w, https:\/\/ardennenrennen.be\/wp-content\/uploads\/2019\/11\/THE-CHANEL-GIRL-400x600.jpg 400w, https:\/\/ardennenrennen.be\/wp-content\/uploads\/2019\/11\/THE-CHANEL-GIRL-600x900.jpg 600w, https:\/\/ardennenrennen.be\/wp-content\/uploads\/2019\/11\/THE-CHANEL-GIRL-800x1200.jpg 800w, https:\/\/ardennenrennen.be\/wp-content\/uploads\/2019\/11\/THE-CHANEL-GIRL.jpg 1000w\" sizes=\"(max-width: 800px) 100vw, 1000px\" \/><\/span><\/div><div class=\"fusion-sep-clear\"><\/div><div class=\"fusion-separator fusion-full-width-sep\" style=\"margin-left: auto;margin-right: auto;margin-top:25px;margin-bottom:25px;width:100%;\"><\/div><div class=\"fusion-sep-clear\"><\/div><div class=\"fusion-text fusion-text-8\"><h2>La Fille Pilote<\/h2>\n<p>Ce gar\u00e7on manqu\u00e9 aime porter un chemisier et un pantalon, parfaitement choisis pour manier facilement le volant en tant que pilote, copilote ou m\u00e9canicien. Elle est forte et f\u00e9minine, parfois elle porte des talons hauts, parfois elle porte des mocassins. Sa taille est toujours accentu\u00e9e et elle aime porter un chapeau. Les Pilotes Filles entrainent avec suret\u00e9 l&#8217;\u00e9quipe de rallye, elles savent comment gagner le match !<\/p>\n<\/div><div class=\"fusion-image-element in-legacy-container\" style=\"--awb-caption-title-font-family:var(--h2_typography-font-family);--awb-caption-title-font-weight:var(--h2_typography-font-weight);--awb-caption-title-font-style:var(--h2_typography-font-style);--awb-caption-title-size:var(--h2_typography-font-size);--awb-caption-title-transform:var(--h2_typography-text-transform);--awb-caption-title-line-height:var(--h2_typography-line-height);--awb-caption-title-letter-spacing:var(--h2_typography-letter-spacing);\"><span class=\" fusion-imageframe imageframe-none imageframe-6 hover-type-none\"><img decoding=\"async\" width=\"564\" height=\"372\" title=\"69809801_776881656117309_1428125429633384448_n\" src=\"https:\/\/ardennenrennen.be\/wp-content\/uploads\/2019\/11\/69809801_776881656117309_1428125429633384448_n.jpg\" alt class=\"img-responsive wp-image-458\" srcset=\"https:\/\/ardennenrennen.be\/wp-content\/uploads\/2019\/11\/69809801_776881656117309_1428125429633384448_n-200x132.jpg 200w, https:\/\/ardennenrennen.be\/wp-content\/uploads\/2019\/11\/69809801_776881656117309_1428125429633384448_n-400x264.jpg 400w, https:\/\/ardennenrennen.be\/wp-content\/uploads\/2019\/11\/69809801_776881656117309_1428125429633384448_n.jpg 564w\" sizes=\"(max-width: 800px) 100vw, 564px\" \/><\/span><\/div><div class=\"fusion-sep-clear\"><\/div><div class=\"fusion-separator fusion-full-width-sep\" style=\"margin-left: auto;margin-right: auto;margin-top:25px;margin-bottom:25px;width:100%;\"><\/div><div class=\"fusion-sep-clear\"><\/div><div class=\"fusion-text fusion-text-9\"><h2>La Fille Rockabily<\/h2>\n<p>Elle aime la bonne musique et aime danser autour de votre voiture. Elle porte des robes old school dans des couleurs et des hauts audacieux et riches, des jupes \u00e0 rayures et \u00e0 pois et des talons, des talons et plus de talons ! Cheveux ondul\u00e9s, maquillage lumineux et tatouage sur les bras ou les jambes. Son d\u00e9collet\u00e9 pourrait repr\u00e9senter le refuge parfait.<\/p>\n<\/div><div class=\"fusion-image-element in-legacy-container\" style=\"--awb-caption-title-font-family:var(--h2_typography-font-family);--awb-caption-title-font-weight:var(--h2_typography-font-weight);--awb-caption-title-font-style:var(--h2_typography-font-style);--awb-caption-title-size:var(--h2_typography-font-size);--awb-caption-title-transform:var(--h2_typography-text-transform);--awb-caption-title-line-height:var(--h2_typography-line-height);--awb-caption-title-letter-spacing:var(--h2_typography-letter-spacing);\"><span class=\" fusion-imageframe imageframe-none imageframe-7 hover-type-none\"><img decoding=\"async\" width=\"921\" height=\"1093\" title=\"c42d939ca39d7852a5909cdf44324a59\" src=\"https:\/\/ardennenrennen.be\/wp-content\/uploads\/2019\/11\/c42d939ca39d7852a5909cdf44324a59.jpg\" alt class=\"img-responsive wp-image-459\" srcset=\"https:\/\/ardennenrennen.be\/wp-content\/uploads\/2019\/11\/c42d939ca39d7852a5909cdf44324a59-200x237.jpg 200w, https:\/\/ardennenrennen.be\/wp-content\/uploads\/2019\/11\/c42d939ca39d7852a5909cdf44324a59-400x475.jpg 400w, https:\/\/ardennenrennen.be\/wp-content\/uploads\/2019\/11\/c42d939ca39d7852a5909cdf44324a59-600x712.jpg 600w, https:\/\/ardennenrennen.be\/wp-content\/uploads\/2019\/11\/c42d939ca39d7852a5909cdf44324a59-800x949.jpg 800w, https:\/\/ardennenrennen.be\/wp-content\/uploads\/2019\/11\/c42d939ca39d7852a5909cdf44324a59.jpg 921w\" sizes=\"(max-width: 800px) 100vw, 921px\" \/><\/span><\/div><div class=\"fusion-sep-clear\"><\/div><div class=\"fusion-separator fusion-full-width-sep\" style=\"margin-left: auto;margin-right: auto;margin-top:25px;margin-bottom:25px;width:100%;\"><\/div><div class=\"fusion-sep-clear\"><\/div><div class=\"fusion-text fusion-text-10\"><h2>Rosie la Riveteuse<\/h2>\n<p>Ou la fille travailleuse qui riv\u00e8te les avions pour les assembler. Vous pouvez imaginer qu&#8217;elle peut s\u00fbrement riveter votre voiture vintage ensemble ! Elle travaille dur pendant la semaine, mais aime jouer plus fort le week-end. Une salopette en coton et une large ceinture, une chemise boutonn\u00e9e color\u00e9e et de hautes bottes, un bandana dans les cheveux. Tout le monde adore Rosie !<\/p>\n<\/div><div class=\"fusion-image-element in-legacy-container\" style=\"--awb-caption-title-font-family:var(--h2_typography-font-family);--awb-caption-title-font-weight:var(--h2_typography-font-weight);--awb-caption-title-font-style:var(--h2_typography-font-style);--awb-caption-title-size:var(--h2_typography-font-size);--awb-caption-title-transform:var(--h2_typography-text-transform);--awb-caption-title-line-height:var(--h2_typography-line-height);--awb-caption-title-letter-spacing:var(--h2_typography-letter-spacing);\"><span class=\" fusion-imageframe imageframe-none imageframe-8 hover-type-none\"><img decoding=\"async\" width=\"466\" height=\"593\" title=\"ROSIE THE RIVETER GIRL\" src=\"https:\/\/ardennenrennen.be\/wp-content\/uploads\/2019\/11\/ROSIE-THE-RIVETER-GIRL.jpg\" alt class=\"img-responsive wp-image-460\" srcset=\"https:\/\/ardennenrennen.be\/wp-content\/uploads\/2019\/11\/ROSIE-THE-RIVETER-GIRL-200x255.jpg 200w, https:\/\/ardennenrennen.be\/wp-content\/uploads\/2019\/11\/ROSIE-THE-RIVETER-GIRL-400x509.jpg 400w, https:\/\/ardennenrennen.be\/wp-content\/uploads\/2019\/11\/ROSIE-THE-RIVETER-GIRL.jpg 466w\" sizes=\"(max-width: 800px) 100vw, 466px\" \/><\/span><\/div><div class=\"fusion-sep-clear\"><\/div><div class=\"fusion-separator fusion-full-width-sep\" style=\"margin-left: auto;margin-right: auto;margin-top:25px;margin-bottom:25px;width:100%;\"><\/div><div class=\"fusion-sep-clear\"><\/div><div class=\"fusion-sep-clear\"><\/div><div class=\"fusion-separator fusion-full-width-sep\" style=\"margin-left: auto;margin-right: auto;width:100%;\"><\/div><div class=\"fusion-sep-clear\"><\/div><div class=\"fusion-text fusion-text-11\"><h2>POUR LES COUPLES<\/h2>\n<h2>Le couple Tennis<\/h2>\n<p>Pr\u00eat \u00e0 jouer \u00e0 un jeu ? Pr\u00eat \u00e0 \u00eatre le gagnant ou les joueurs de fairplay ? Le Couple de Tennis s&#8217;habille toujours avec sa tenue de tennis vintage, un pantalon blanc pour lui, une jupe d\u00e9cente juste aux dessus des genoux pour elle. Le look des gagnants, ils sont pr\u00eats \u00e0 jouer le jeu, sur ou \u00e0 c\u00f4t\u00e9 du Terrain. Toujours avec une raquette de tennis et des balles de tennis, jamais sans un verre de whisky avec des gla\u00e7ons.<\/p>\n<\/div><div class=\"fusion-image-element in-legacy-container\" style=\"--awb-caption-title-font-family:var(--h2_typography-font-family);--awb-caption-title-font-weight:var(--h2_typography-font-weight);--awb-caption-title-font-style:var(--h2_typography-font-style);--awb-caption-title-size:var(--h2_typography-font-size);--awb-caption-title-transform:var(--h2_typography-text-transform);--awb-caption-title-line-height:var(--h2_typography-line-height);--awb-caption-title-letter-spacing:var(--h2_typography-letter-spacing);\"><span class=\" fusion-imageframe imageframe-none imageframe-9 hover-type-none\"><img decoding=\"async\" width=\"400\" height=\"400\" title=\"TENNIS COUPLE\" src=\"https:\/\/ardennenrennen.be\/wp-content\/uploads\/2019\/11\/TENNIS-COUPLE.jpg\" alt class=\"img-responsive wp-image-461\" srcset=\"https:\/\/ardennenrennen.be\/wp-content\/uploads\/2019\/11\/TENNIS-COUPLE-200x200.jpg 200w, https:\/\/ardennenrennen.be\/wp-content\/uploads\/2019\/11\/TENNIS-COUPLE.jpg 400w\" sizes=\"(max-width: 800px) 100vw, 400px\" \/><\/span><\/div><div class=\"fusion-sep-clear\"><\/div><div class=\"fusion-separator fusion-full-width-sep\" style=\"margin-left: auto;margin-right: auto;margin-top:25px;margin-bottom:25px;width:100%;\"><\/div><div class=\"fusion-sep-clear\"><\/div><div class=\"fusion-sep-clear\"><\/div><div class=\"fusion-separator fusion-full-width-sep\" style=\"margin-left: auto;margin-right: auto;width:100%;\"><\/div><div class=\"fusion-sep-clear\"><\/div><div class=\"fusion-text fusion-text-12\"><h2>Le couple Bavarois Classique<\/h2>\n<p>Le couple bavarois classique porte fi\u00e8rement ses v\u00eatements traditionnels Bavarois ! Lederhosen pour les hommes, belles robes Dirndl pour les dames ! Un match parfait avec nos Porsche et Volkswagen allemandes !<\/p>\n<\/div><div class=\"fusion-image-element in-legacy-container\" style=\"--awb-caption-title-font-family:var(--h2_typography-font-family);--awb-caption-title-font-weight:var(--h2_typography-font-weight);--awb-caption-title-font-style:var(--h2_typography-font-style);--awb-caption-title-size:var(--h2_typography-font-size);--awb-caption-title-transform:var(--h2_typography-text-transform);--awb-caption-title-line-height:var(--h2_typography-line-height);--awb-caption-title-letter-spacing:var(--h2_typography-letter-spacing);\"><span class=\" fusion-imageframe imageframe-none imageframe-10 hover-type-none\"><img decoding=\"async\" width=\"1500\" height=\"2000\" title=\"bavarian couple\" src=\"https:\/\/ardennenrennen.be\/wp-content\/uploads\/2019\/12\/bavarian-couple.jpg\" alt class=\"img-responsive wp-image-482\" srcset=\"https:\/\/ardennenrennen.be\/wp-content\/uploads\/2019\/12\/bavarian-couple-200x267.jpg 200w, https:\/\/ardennenrennen.be\/wp-content\/uploads\/2019\/12\/bavarian-couple-400x533.jpg 400w, https:\/\/ardennenrennen.be\/wp-content\/uploads\/2019\/12\/bavarian-couple-600x800.jpg 600w, https:\/\/ardennenrennen.be\/wp-content\/uploads\/2019\/12\/bavarian-couple-800x1067.jpg 800w, https:\/\/ardennenrennen.be\/wp-content\/uploads\/2019\/12\/bavarian-couple-1200x1600.jpg 1200w, https:\/\/ardennenrennen.be\/wp-content\/uploads\/2019\/12\/bavarian-couple.jpg 1500w\" sizes=\"(max-width: 800px) 100vw, 1200px\" \/><\/span><\/div><div class=\"fusion-clearfix\"><\/div><\/div><\/div><\/div><\/div><div class=\"fusion-fullwidth fullwidth-box fusion-builder-row-3 fusion-parallax-none hundred-percent-fullwidth non-hundred-percent-height-scrolling\" style=\"--awb-border-radius-top-left:0px;--awb-border-radius-top-right:0px;--awb-border-radius-bottom-right:0px;--awb-border-radius-bottom-left:0px;--awb-padding-top:120px;--awb-padding-bottom:0px;--awb-margin-top:60px;--awb-margin-bottom:0px;--awb-background-image:url(&quot;https:\/\/ardennenrennen.be\/wp-content\/uploads\/2019\/09\/dennen3.png&quot;);--awb-background-size:cover;--awb-flex-wrap:wrap;\" ><div class=\"fusion-builder-row fusion-row\"><div class=\"fusion-layout-column fusion_builder_column fusion-builder-column-2 fusion_builder_column_1_1 1_1 fusion-one-full fusion-column-first fusion-column-last\" style=\"--awb-padding-top:100px;--awb-padding-bottom:0px;--awb-bg-size:cover;--awb-margin-bottom:0px;\"><div class=\"fusion-column-wrapper fusion-column-has-shadow fusion-flex-column-wrapper-legacy\"><div class=\"fusion-clearfix\"><\/div><\/div><\/div><\/div><\/div><\/p>\n","protected":false},"excerpt":{"rendered":"","protected":false},"author":1,"featured_media":0,"parent":0,"menu_order":0,"comment_status":"closed","ping_status":"closed","template":"100-width.php","meta":{"_acf_changed":false,"footnotes":""},"class_list":["post-512","page","type-page","status-publish","hentry"],"acf":[],"_links":{"self":[{"href":"https:\/\/ardennenrennen.be\/fr\/wp-json\/wp\/v2\/pages\/512","targetHints":{"allow":["GET"]}}],"collection":[{"href":"https:\/\/ardennenrennen.be\/fr\/wp-json\/wp\/v2\/pages"}],"about":[{"href":"https:\/\/ardennenrennen.be\/fr\/wp-json\/wp\/v2\/types\/page"}],"author":[{"embeddable":true,"href":"https:\/\/ardennenrennen.be\/fr\/wp-json\/wp\/v2\/users\/1"}],"replies":[{"embeddable":true,"href":"https:\/\/ardennenrennen.be\/fr\/wp-json\/wp\/v2\/comments?post=512"}],"version-history":[{"count":5,"href":"https:\/\/ardennenrennen.be\/fr\/wp-json\/wp\/v2\/pages\/512\/revisions"}],"predecessor-version":[{"id":517,"href":"https:\/\/ardennenrennen.be\/fr\/wp-json\/wp\/v2\/pages\/512\/revisions\/517"}],"wp:attachment":[{"href":"https:\/\/ardennenrennen.be\/fr\/wp-json\/wp\/v2\/media?parent=512"}],"curies":[{"name":"wp","href":"https:\/\/api.w.org\/{rel}","templated":true}]}}